{"id":2466,"date":"2024-06-01T15:56:34","date_gmt":"2024-06-01T15:56:34","guid":{"rendered":"https:\/\/braingain.pd.al\/?page_id=2466"},"modified":"2024-12-25T19:21:18","modified_gmt":"2024-12-25T19:21:18","slug":"vera-e-ideve-sez-2","status":"publish","type":"page","link":"https:\/\/braingain.pd.al\/sq\/vera-e-ideve-sez-2\/","title":{"rendered":"Vera e Ideve 2"},"content":{"rendered":"\t\t<div data-elementor-type=\"wp-page\" data-elementor-id=\"2466\" class=\"elementor elementor-2466\">\n\t\t\t\t<div class=\"elementor-element elementor-element-3e10e29 e-flex e-con-boxed e-con e-parent\" data-id=\"3e10e29\" data-element_type=\"container\">\n\t\t\t\t\t<div class=\"e-con-inner\">\n\t\t\t\t<div class=\"elementor-element elementor-element-79cc928 elementor-widget elementor-widget-heading\" data-id=\"79cc928\" data-element_type=\"widget\" data-widget_type=\"heading.default\">\n\t\t\t\t<div class=\"elementor-widget-container\">\n\t\t\t\t\t<h1 class=\"elementor-heading-title elementor-size-default\"><B> VERA E IDEVE SEZONI I 2<\/h1>\t\t\t\t<\/div>\n\t\t\t\t<\/div>\n\t\t\t\t\t<\/div>\n\t\t\t\t<\/div>\n\t\t<div class=\"elementor-element elementor-element-d25528d e-flex e-con-boxed e-con e-parent\" data-id=\"d25528d\" data-element_type=\"container\">\n\t\t\t\t\t<div class=\"e-con-inner\">\n\t\t\t\t<div class=\"elementor-element elementor-element-bdd875c elementor-widget elementor-widget-image\" data-id=\"bdd875c\" data-element_type=\"widget\" data-widget_type=\"image.default\">\n\t\t\t\t<div class=\"elementor-widget-container\">\n\t\t\t\t\t\t\t\t\t\t\t\t\t\t\t<img fetchpriority=\"high\" decoding=\"async\" width=\"640\" height=\"360\" src=\"https:\/\/braingain.pd.al\/wp-content\/uploads\/2024\/11\/Vera-e-Ideve-1024x576.jpg\" class=\"attachment-large size-large wp-image-2168\" alt=\"\" srcset=\"https:\/\/braingain.pd.al\/wp-content\/uploads\/2024\/11\/Vera-e-Ideve-1024x576.jpg 1024w, https:\/\/braingain.pd.al\/wp-content\/uploads\/2024\/11\/Vera-e-Ideve-300x169.jpg 300w, https:\/\/braingain.pd.al\/wp-content\/uploads\/2024\/11\/Vera-e-Ideve-768x432.jpg 768w, https:\/\/braingain.pd.al\/wp-content\/uploads\/2024\/11\/Vera-e-Ideve-1536x864.jpg 1536w, https:\/\/braingain.pd.al\/wp-content\/uploads\/2024\/11\/Vera-e-Ideve-18x10.jpg 18w, https:\/\/braingain.pd.al\/wp-content\/uploads\/2024\/11\/Vera-e-Ideve-600x338.jpg 600w, https:\/\/braingain.pd.al\/wp-content\/uploads\/2024\/11\/Vera-e-Ideve.jpg 1600w\" sizes=\"(max-width: 640px) 100vw, 640px\" \/>\t\t\t\t\t\t\t\t\t\t\t\t\t\t\t<\/div>\n\t\t\t\t<\/div>\n\t\t\t\t\t<\/div>\n\t\t\t\t<\/div>\n\t\t<div class=\"elementor-element elementor-element-38bb309 e-flex e-con-boxed e-con e-parent\" data-id=\"38bb309\" data-element_type=\"container\">\n\t\t\t\t\t<div class=\"e-con-inner\">\n\t\t\t\t<div class=\"elementor-element elementor-element-b7ba1b7 elementor-drop-cap-yes elementor-drop-cap-view-default elementor-widget elementor-widget-text-editor\" data-id=\"b7ba1b7\" data-element_type=\"widget\" data-settings=\"{&quot;drop_cap&quot;:&quot;yes&quot;}\" data-widget_type=\"text-editor.default\">\n\t\t\t\t<div class=\"elementor-widget-container\">\n\t\t\t\t\t\t\t\t\t<p><span style=\"color: #000000;\">Departamenti Brain Gain p\u00ebrmes projektit \u201cLaboratori i Ideve\u201d risjell p\u00ebr t\u00eb dytin vit \u201cVer\u00ebn e Ideve\u201d, nj\u00eb nism\u00eb q\u00eb synon t\u00eb ushqej\u00eb dhe t\u00eb mbaj\u00eb n\u00eb jet\u00eb debatin mediatik p\u00ebrmes shp\u00ebrfaqjes s\u00eb ideve n\u00eb median e shkruar p\u00ebrgjat\u00eb ver\u00ebs, edhe at\u00ebher\u00eb kur m\u00eb s\u00eb shumti n\u00eb nj\u00eb vend q\u00eb l\u00ebngon nga padrejt\u00ebsia politike dhe sociale, idet\u00eb, debati dhe kontributi intelektual nuk mund t\u00eb pushoj\u00eb. K\u00ebt\u00eb her\u00eb, p\u00ebrmes nj\u00eb cikli prej dhjet\u00eb artikujsh, an\u00ebtar\u00ebt e angazhuar n\u00eb \u201cLaboratorin e Ideve\u201d ia kushtojn\u00eb \u201cVer\u00ebn e Ideve\u201d mendimit politik n\u00eb dy shtylla:<\/span><\/p><p><span style=\"color: #000000;\">Analiz\u00eb propozuese n\u00eb tema t\u00eb aktualitetit socio-ekonomik, dhe Prezantimi e shtjellimi i disa prej propozimeve kryesore t\u00eb Departamentit Brain Gain p\u00ebr hartimin e Programit elektoral 2025 t\u00eb Partis\u00eb Demokratike. Besimi n\u00eb forc\u00ebn p\u00ebr ndryshim, imponon detyr\u00ebn p\u00ebr t\u00eb mbajtur gjall\u00eb kritik\u00ebn dhe kund\u00ebrshtin\u00eb, p\u00ebr t\u00eb forcuar rezistenc\u00ebn intelektuale, p\u00ebr t\u00eb ushqyer vizion dhe shpres\u00eb p\u00ebr zhvillim edhe aty ku, edhe at\u00ebher\u00eb kur, debati ia ka l\u00ebn\u00eb vendin apatis\u00eb. \u201cVera e Ideve\u201d i p\u00ebrgjigjet k\u00ebsaj thirrjeje. Ju ftojm\u00eb t\u00eb na lexoni, ndiqni, mb\u00ebshtesni a kund\u00ebrshtoni p\u00ebrgjat\u00eb gjith\u00eb muajit gusht n\u00eb median e shkruar.<\/span><\/p>\t\t\t\t\t\t\t\t<\/div>\n\t\t\t\t<\/div>\n\t\t\t\t\t<\/div>\n\t\t\t\t<\/div>\n\t\t<div class=\"elementor-element elementor-element-c889b10 e-flex e-con-boxed e-con e-parent\" data-id=\"c889b10\" data-element_type=\"container\">\n\t\t\t\t\t<div class=\"e-con-inner\">\n\t\t\t\t<div class=\"elementor-element elementor-element-69085ce elementor-widget elementor-widget-heading\" data-id=\"69085ce\" data-element_type=\"widget\" data-widget_type=\"heading.default\">\n\t\t\t\t<div class=\"elementor-widget-container\">\n\t\t\t\t\t<h2 class=\"elementor-heading-title elementor-size-default\"><b>Artikujt e programit<\/h2>\t\t\t\t<\/div>\n\t\t\t\t<\/div>\n\t\t\t\t\t<\/div>\n\t\t\t\t<\/div>\n\t\t<div class=\"elementor-element elementor-element-133dab9 e-flex e-con-boxed e-con e-parent\" data-id=\"133dab9\" data-element_type=\"container\">\n\t\t\t\t\t<div class=\"e-con-inner\">\n\t\t\t\t<div class=\"elementor-element elementor-element-897ee12 elementor-widget elementor-widget-blog-post\" data-id=\"897ee12\" data-element_type=\"widget\" data-widget_type=\"blog-post.default\">\n\t\t\t\t<div class=\"elementor-widget-container\">\n\t\t\t\t\t            <section class=\"latest-blogs-section\">\r\n                <div class=\"container\">\r\n                    <div class=\"blog-inner-con\">\r\n                        <div class=\"blog-boxes\">\r\n                                                    <div class=\"blog-single-box\">\r\n                                <a href=\"https:\/\/braingain.pd.al\/sq\/?post_type=post&p=2593\">\r\n                                    <div class=\"blog-img-con\" data-aos=\"fade-up\" data-aos-duration=\"700\">\r\n                                        <figure class=\"mb-0\">\r\n                                            <img decoding=\"async\" src=\"https:\/\/braingain.pd.al\/wp-content\/uploads\/2024\/11\/Vera-e-Ideve-BM-KD.jpg\" alt=\"\" class=\"img-fluid\">\r\n                                        <\/figure>\r\n                                        <span class=\"d-inline-block\">Vera e Ideve 2<\/span>                                    <\/div>\r\n                                    <div class=\"blog-txt-box\" data-aos=\"fade-up\" data-aos-duration=\"700\">\r\n                                        <span class=\"d-block\">Gus 09, 2024<\/span>\r\n                                        <h5><a href=\"https:\/\/braingain.pd.al\/sq\/?post_type=post&p=2593\">PPP-t\u00eb dh\u00eb sh\u00ebrimi nga gangrena korruptive&#8217;<\/a><\/h5>\r\n                                    <\/div>\r\n                                <\/a>\r\n                            <\/div>\r\n                                                    <div class=\"blog-single-box\">\r\n                                <a href=\"https:\/\/braingain.pd.al\/sq\/?post_type=post&p=1\">\r\n                                    <div class=\"blog-img-con\" data-aos=\"fade-up\" data-aos-duration=\"700\">\r\n                                        <figure class=\"mb-0\">\r\n                                            <img decoding=\"async\" src=\"https:\/\/braingain.pd.al\/wp-content\/uploads\/2024\/10\/Turizmi-AV.jpg\" alt=\"\" class=\"img-fluid\">\r\n                                        <\/figure>\r\n                                        <span class=\"d-inline-block\">Vera e Ideve 2<\/span>                                    <\/div>\r\n                                    <div class=\"blog-txt-box\" data-aos=\"fade-up\" data-aos-duration=\"700\">\r\n                                        <span class=\"d-block\">Gus 14, 2024<\/span>\r\n                                        <h5><a href=\"https:\/\/braingain.pd.al\/sq\/?post_type=post&p=1\">\u2018Turizimi, hijet e err\u00ebta t\u00eb propagand\u00ebs s\u00eb mashtrimit\u2019<\/a><\/h5>\r\n                                    <\/div>\r\n                                <\/a>\r\n                            <\/div>\r\n                                                    <div class=\"blog-single-box\">\r\n                                <a href=\"https:\/\/braingain.pd.al\/sq\/?post_type=post&p=2595\">\r\n                                    <div class=\"blog-img-con\" data-aos=\"fade-up\" data-aos-duration=\"700\">\r\n                                        <figure class=\"mb-0\">\r\n                                            <img decoding=\"async\" src=\"https:\/\/braingain.pd.al\/wp-content\/uploads\/2024\/11\/Vera-e-Ideve-AB.jpg\" alt=\"\" class=\"img-fluid\">\r\n                                        <\/figure>\r\n                                        <span class=\"d-inline-block\">Vera e Ideve 2<\/span>                                    <\/div>\r\n                                    <div class=\"blog-txt-box\" data-aos=\"fade-up\" data-aos-duration=\"700\">\r\n                                        <span class=\"d-block\">Gus 21, 2024<\/span>\r\n                                        <h5><a href=\"https:\/\/braingain.pd.al\/sq\/?post_type=post&p=2595\">StAR: mund\u00ebsi p\u00ebr rikthimin e pasurive t\u00eb vjedhura &#8211; T\u00eb shkoj\u00eb haka tek i zoti&#8217;<\/a><\/h5>\r\n                                    <\/div>\r\n                                <\/a>\r\n                            <\/div>\r\n                                                    <div class=\"blog-single-box\">\r\n                                <a href=\"https:\/\/braingain.pd.al\/sq\/?post_type=post&p=2719\">\r\n                                    <div class=\"blog-img-con\" data-aos=\"fade-up\" data-aos-duration=\"700\">\r\n                                        <figure class=\"mb-0\">\r\n                                            <img decoding=\"async\" src=\"https:\/\/braingain.pd.al\/wp-content\/uploads\/2024\/11\/454715227_464826706459467_7908291455554739809_n.jpg\" alt=\"\" class=\"img-fluid\">\r\n                                        <\/figure>\r\n                                        <span class=\"d-inline-block\">Vera e Ideve 2<\/span>                                    <\/div>\r\n                                    <div class=\"blog-txt-box\" data-aos=\"fade-up\" data-aos-duration=\"700\">\r\n                                        <span class=\"d-block\">Gus 23, 2024<\/span>\r\n                                        <h5><a href=\"https:\/\/braingain.pd.al\/sq\/?post_type=post&p=2719\">&#8216;Rend dhe siguri: Prioriteti q\u00eb na kthen nga tribu krimesh n\u00eb shtet&#8217;<\/a><\/h5>\r\n                                    <\/div>\r\n                                <\/a>\r\n                            <\/div>\r\n                                                    <div class=\"blog-single-box\">\r\n                                <a href=\"https:\/\/braingain.pd.al\/sq\/?post_type=post&p=2721\">\r\n                                    <div class=\"blog-img-con\" data-aos=\"fade-up\" data-aos-duration=\"700\">\r\n                                        <figure class=\"mb-0\">\r\n                                            <img decoding=\"async\" src=\"https:\/\/braingain.pd.al\/wp-content\/uploads\/2024\/11\/454422124_464826786459459_629515603602956962_n.jpg\" alt=\"\" class=\"img-fluid\">\r\n                                        <\/figure>\r\n                                        <span class=\"d-inline-block\">Vera e Ideve 2<\/span>                                    <\/div>\r\n                                    <div class=\"blog-txt-box\" data-aos=\"fade-up\" data-aos-duration=\"700\">\r\n                                        <span class=\"d-block\">Gus 25, 2024<\/span>\r\n                                        <h5><a href=\"https:\/\/braingain.pd.al\/sq\/?post_type=post&p=2721\">Fitojn\u00eb ata q\u00eb guxojn\u00eb: Vota e lir\u00eb, nj\u00eb sfid\u00eb p\u00ebrtej frik\u00ebs<\/a><\/h5>\r\n                                    <\/div>\r\n                                <\/a>\r\n                            <\/div>\r\n                                                    <div class=\"blog-single-box\">\r\n                                <a href=\"https:\/\/braingain.pd.al\/sq\/?post_type=post&p=2723\">\r\n                                    <div class=\"blog-img-con\" data-aos=\"fade-up\" data-aos-duration=\"700\">\r\n                                        <figure class=\"mb-0\">\r\n                                            <img decoding=\"async\" src=\"https:\/\/braingain.pd.al\/wp-content\/uploads\/2024\/11\/454382458_464826726459465_2805403722803207705_n.jpg\" alt=\"\" class=\"img-fluid\">\r\n                                        <\/figure>\r\n                                        <span class=\"d-inline-block\">Vera e Ideve 2<\/span>                                    <\/div>\r\n                                    <div class=\"blog-txt-box\" data-aos=\"fade-up\" data-aos-duration=\"700\">\r\n                                        <span class=\"d-block\">Gus 27, 2024<\/span>\r\n                                        <h5><a href=\"https:\/\/braingain.pd.al\/sq\/?post_type=post&p=2723\">T\u00eb rinjt\u00eb n\u00eb biznes: s\u00eb paku nj\u00eb arsye p\u00ebr t\u2019i dh\u00ebn\u00eb nj\u00eb mund\u00ebsi atdheut<\/a><\/h5>\r\n                                    <\/div>\r\n                                <\/a>\r\n                            <\/div>\r\n                                                    <div class=\"blog-single-box\">\r\n                                <a href=\"https:\/\/braingain.pd.al\/sq\/?post_type=post&p=2600\">\r\n                                    <div class=\"blog-img-con\" data-aos=\"fade-up\" data-aos-duration=\"700\">\r\n                                        <figure class=\"mb-0\">\r\n                                            <img decoding=\"async\" src=\"https:\/\/braingain.pd.al\/wp-content\/uploads\/2024\/11\/454471570_464826793126125_5272149408598978270_n.jpg\" alt=\"\" class=\"img-fluid\">\r\n                                        <\/figure>\r\n                                        <span class=\"d-inline-block\">Vera e Ideve 2<\/span>                                    <\/div>\r\n                                    <div class=\"blog-txt-box\" data-aos=\"fade-up\" data-aos-duration=\"700\">\r\n                                        <span class=\"d-block\">Gus 31, 2024<\/span>\r\n                                        <h5><a href=\"https:\/\/braingain.pd.al\/sq\/?post_type=post&p=2600\">Diaspora Bond: Shpresa e re p\u00ebr ekonomin\u00eb shqiptare<\/a><\/h5>\r\n                                    <\/div>\r\n                                <\/a>\r\n                            <\/div>\r\n                                                    <div class=\"blog-single-box\">\r\n                                <a href=\"https:\/\/braingain.pd.al\/sq\/?post_type=post&p=2725\">\r\n                                    <div class=\"blog-img-con\" data-aos=\"fade-up\" data-aos-duration=\"700\">\r\n                                        <figure class=\"mb-0\">\r\n                                            <img decoding=\"async\" src=\"https:\/\/braingain.pd.al\/wp-content\/uploads\/2024\/11\/auto_cd2f46f4-d0e3-4047-80c9-9962436990721725364928.jpg\" alt=\"\" class=\"img-fluid\">\r\n                                        <\/figure>\r\n                                        <span class=\"d-inline-block\">Vera e Ideve 2<\/span>                                    <\/div>\r\n                                    <div class=\"blog-txt-box\" data-aos=\"fade-up\" data-aos-duration=\"700\">\r\n                                        <span class=\"d-block\">Sht 03, 2024<\/span>\r\n                                        <h5><a href=\"https:\/\/braingain.pd.al\/sq\/?post_type=post&p=2725\">Shkenc\u00eb &#038; Inovacion: P\u00ebrmes taksave, rrug\u00eb zhvillimi edhe n\u00eb Shqip\u00ebri<\/a><\/h5>\r\n                                    <\/div>\r\n                                <\/a>\r\n                            <\/div>\r\n                                                    <div class=\"blog-single-box\">\r\n                                <a href=\"https:\/\/braingain.pd.al\/sq\/?post_type=post&p=2591\">\r\n                                    <div class=\"blog-img-con\" data-aos=\"fade-up\" data-aos-duration=\"700\">\r\n                                        <figure class=\"mb-0\">\r\n                                            <img decoding=\"async\" src=\"https:\/\/braingain.pd.al\/wp-content\/uploads\/2024\/11\/Vera-e-Ideve-AGJ2.jpg\" alt=\"\" class=\"img-fluid\">\r\n                                        <\/figure>\r\n                                        <span class=\"d-inline-block\">Vera e Ideve 2<\/span>                                    <\/div>\r\n                                    <div class=\"blog-txt-box\" data-aos=\"fade-up\" data-aos-duration=\"700\">\r\n                                        <span class=\"d-block\">N\u00ebn 08, 2024<\/span>\r\n                                        <h5><a href=\"https:\/\/braingain.pd.al\/sq\/?post_type=post&p=2591\">Familja, b\u00ebrthama e shoq\u00ebris\u00eb, sot nj\u00eb OMGJ: Propozime p\u00ebr rikthimin e saj n\u00eb v\u00ebmendje<\/a><\/h5>\r\n                                    <\/div>\r\n                                <\/a>\r\n                            <\/div>\r\n                                                <\/div>\r\n                    <\/div>\r\n                <\/div>\r\n            <\/section>\r\n\t\t\t\t\t\t\t<\/div>\n\t\t\t\t<\/div>\n\t\t\t\t\t<\/div>\n\t\t\t\t<\/div>\n\t\t<div class=\"elementor-element elementor-element-023cda0 e-flex e-con-boxed e-con e-parent\" data-id=\"023cda0\" data-element_type=\"container\">\n\t\t\t\t\t<div class=\"e-con-inner\">\n\t\t\t\t<div class=\"elementor-element elementor-element-dc0eca5 elementor-widget-divider--view-line elementor-widget elementor-widget-divider\" data-id=\"dc0eca5\" data-element_type=\"widget\" data-widget_type=\"divider.default\">\n\t\t\t\t<div class=\"elementor-widget-container\">\n\t\t\t\t\t\t\t<div class=\"elementor-divider\">\n\t\t\t<span class=\"elementor-divider-separator\">\n\t\t\t\t\t\t<\/span>\n\t\t<\/div>\n\t\t\t\t\t\t<\/div>\n\t\t\t\t<\/div>\n\t\t\t\t\t<\/div>\n\t\t\t\t<\/div>\n\t\t\t\t<\/div>\n\t\t","protected":false},"excerpt":{"rendered":"<p>VERA E IDEVE SEZONI I 2 Departamenti Brain Gain p\u00ebrmes projektit \u201cLaboratori i Ideve\u201d risjell p\u00ebr t\u00eb dytin vit \u201cVer\u00ebn e Ideve\u201d, nj\u00eb nism\u00eb q\u00eb synon t\u00eb ushqej\u00eb dhe t\u00eb mbaj\u00eb n\u00eb jet\u00eb debatin mediatik p\u00ebrmes shp\u00ebrfaqjes s\u00eb ideve n\u00eb median e shkruar p\u00ebrgjat\u00eb ver\u00ebs, edhe at\u00ebher\u00eb kur m\u00eb s\u00eb shumti n\u00eb nj\u00eb vend q\u00eb [&hellip;]<\/p>\n","protected":false},"author":1,"featured_media":0,"parent":0,"menu_order":0,"comment_status":"closed","ping_status":"closed","template":"elementor_header_footer","meta":{"footnotes":""},"class_list":["post-2466","page","type-page","status-publish","hentry"],"_links":{"self":[{"href":"https:\/\/braingain.pd.al\/sq\/wp-json\/wp\/v2\/pages\/2466","targetHints":{"allow":["GET"]}}],"collection":[{"href":"https:\/\/braingain.pd.al\/sq\/wp-json\/wp\/v2\/pages"}],"about":[{"href":"https:\/\/braingain.pd.al\/sq\/wp-json\/wp\/v2\/types\/page"}],"author":[{"embeddable":true,"href":"https:\/\/braingain.pd.al\/sq\/wp-json\/wp\/v2\/users\/1"}],"replies":[{"embeddable":true,"href":"https:\/\/braingain.pd.al\/sq\/wp-json\/wp\/v2\/comments?post=2466"}],"version-history":[{"count":20,"href":"https:\/\/braingain.pd.al\/sq\/wp-json\/wp\/v2\/pages\/2466\/revisions"}],"predecessor-version":[{"id":3674,"href":"https:\/\/braingain.pd.al\/sq\/wp-json\/wp\/v2\/pages\/2466\/revisions\/3674"}],"wp:attachment":[{"href":"https:\/\/braingain.pd.al\/sq\/wp-json\/wp\/v2\/media?parent=2466"}],"curies":[{"name":"wp","href":"https:\/\/api.w.org\/{rel}","templated":true}]}}