{"id":350,"date":"2022-10-21T06:00:30","date_gmt":"2022-10-21T06:00:30","guid":{"rendered":"https:\/\/designingmedia.com\/unityforce\/?post_type=case_study&#038;p=350"},"modified":"2024-12-25T19:18:52","modified_gmt":"2024-12-25T19:18:52","slug":"laboratori-i-ideve","status":"publish","type":"case_study","link":"https:\/\/braingain.pd.al\/en\/case_study\/laboratori-i-ideve\/","title":{"rendered":"1. The Ideas Lab"},"content":{"rendered":"<div data-elementor-type=\"wp-post\" data-elementor-id=\"350\" class=\"elementor elementor-350\">\n\t\t\t\t<div class=\"elementor-element elementor-element-3cd16f89 e-flex e-con-boxed e-con e-parent\" data-id=\"3cd16f89\" data-element_type=\"container\">\n\t\t\t\t\t<div class=\"e-con-inner\">\n\t\t\t\t<div class=\"elementor-element elementor-element-1dc8f361 elementor-widget elementor-widget-text-editor\" data-id=\"1dc8f361\" data-element_type=\"widget\" data-widget_type=\"text-editor.default\">\n\t\t\t\t<div class=\"elementor-widget-container\">\n\t\t\t\t\t\t\t\t\t<p><span style=\"color: #000000;\">Laboratori i Ideve \u00ebsht\u00eb projekti kryesor i Brain Gain i dedikuar nxitjes s\u00eb debatit, ashtu sikurse krijimit ose pasurimit n\u00ebp\u00ebrmjet propozimit t\u00eb programit t\u00eb Partis\u00eb Demokratike n\u00ebp\u00ebrmjet artikujve t\u00eb publikuar n\u00eb median e shkruar, si dhe nd\u00ebrhyrjeve publike dhe mediatike etj. \u00cbsht\u00eb projekt q\u00eb p\u00ebrfaq\u00ebson aspektin m\u00eb t\u00eb duksh\u00ebm t\u00eb nd\u00ebrtimit t\u00eb alternativ\u00ebs politike dhe d\u00ebshir\u00ebn p\u00ebr influencuar p\u00ebrmes ideve. Laboratori i Ideve synon t\u00eb p\u00ebrfaq\u00ebsoj\u00eb n\u00eb veprimtarin\u00eb e tij vet\u00eb emrin e departamentit: Brain Gain p\u00ebr t\u00eb n\u00ebnkupton imponimin n\u00eb politik\u00eb p\u00ebrmes asetit intelektual t\u00eb shp\u00ebrfaqur n\u00eb ide dhe propozim konkret p\u00ebr PD dhe shtetformimin n\u00eb gjith\u00eb dimensionet\u00a0e\u00a0tij.<\/span><\/p>\t\t\t\t\t\t\t\t<\/div>\n\t\t\t\t<\/div>\n\t\t\t\t\t<\/div>\n\t\t\t\t<\/div>\n\t\t<div class=\"elementor-element elementor-element-4a8780c e-flex e-con-boxed e-con e-parent\" data-id=\"4a8780c\" data-element_type=\"container\">\n\t\t\t\t\t<div class=\"e-con-inner\">\n\t\t\t\t<div class=\"elementor-element elementor-element-897b47d elementor-widget elementor-widget-heading\" data-id=\"897b47d\" data-element_type=\"widget\" data-widget_type=\"heading.default\">\n\t\t\t\t<div class=\"elementor-widget-container\">\n\t\t\t\t\t<h1 class=\"elementor-heading-title elementor-size-default\"><b>DEVELOPED PROJECTS<\/h1>\t\t\t\t<\/div>\n\t\t\t\t<\/div>\n\t\t\t\t\t<\/div>\n\t\t\t\t<\/div>\n\t\t<div class=\"elementor-element elementor-element-1a30c71 e-flex e-con-boxed e-con e-parent\" data-id=\"1a30c71\" data-element_type=\"container\">\n\t\t\t\t\t<div class=\"e-con-inner\">\n\t\t\t\t<div class=\"elementor-element elementor-element-3a401e6 elementor-widget elementor-widget-heading\" data-id=\"3a401e6\" data-element_type=\"widget\" data-widget_type=\"heading.default\">\n\t\t\t\t<div class=\"elementor-widget-container\">\n\t\t\t\t\t<h2 class=\"elementor-heading-title elementor-size-default\"><b>-VERA E IDEVE<\/b><\/h2>\t\t\t\t<\/div>\n\t\t\t\t<\/div>\n\t\t\t\t<div class=\"elementor-element elementor-element-71e782a elementor-widget elementor-widget-image\" data-id=\"71e782a\" data-element_type=\"widget\" data-widget_type=\"image.default\">\n\t\t\t\t<div class=\"elementor-widget-container\">\n\t\t\t\t\t\t\t\t\t\t\t\t\t\t\t\t<a href=\"https:\/\/braingain.pd.al\/vera-e-ideve-sez\/\">\n\t\t\t\t\t\t\t<img fetchpriority=\"high\" decoding=\"async\" width=\"640\" height=\"363\" src=\"https:\/\/braingain.pd.al\/wp-content\/uploads\/2022\/10\/Vera-e-Ideve-1-Wallpaper-1024x580.png\" class=\"attachment-large size-large wp-image-2959\" alt=\"\" srcset=\"https:\/\/braingain.pd.al\/wp-content\/uploads\/2022\/10\/Vera-e-Ideve-1-Wallpaper-1024x580.png 1024w, https:\/\/braingain.pd.al\/wp-content\/uploads\/2022\/10\/Vera-e-Ideve-1-Wallpaper-300x170.png 300w, https:\/\/braingain.pd.al\/wp-content\/uploads\/2022\/10\/Vera-e-Ideve-1-Wallpaper-768x435.png 768w, https:\/\/braingain.pd.al\/wp-content\/uploads\/2022\/10\/Vera-e-Ideve-1-Wallpaper-18x10.png 18w, https:\/\/braingain.pd.al\/wp-content\/uploads\/2022\/10\/Vera-e-Ideve-1-Wallpaper-600x340.png 600w, https:\/\/braingain.pd.al\/wp-content\/uploads\/2022\/10\/Vera-e-Ideve-1-Wallpaper.png 1500w\" sizes=\"(max-width: 640px) 100vw, 640px\" \/>\t\t\t\t\t\t\t\t<\/a>\n\t\t\t\t\t\t\t\t\t\t\t\t\t\t\t<\/div>\n\t\t\t\t<\/div>\n\t\t\t\t\t<\/div>\n\t\t\t\t<\/div>\n\t\t<div class=\"elementor-element elementor-element-7918021 e-flex e-con-boxed e-con e-parent\" data-id=\"7918021\" data-element_type=\"container\">\n\t\t\t\t\t<div class=\"e-con-inner\">\n\t\t\t\t<div class=\"elementor-element elementor-element-2615c9d elementor-widget elementor-widget-text-editor\" data-id=\"2615c9d\" data-element_type=\"widget\" data-widget_type=\"text-editor.default\">\n\t\t\t\t<div class=\"elementor-widget-container\">\n\t\t\t\t\t\t\t\t\t<p><span style=\"color: #000000;\">\u201cVera e Ideve\u201d \u00ebsht\u00eb nj\u00eb nism\u00eb novatore e Departamentit Brain Gain, q\u00eb synon t\u00eb ushqej\u00eb debatin intelektual dhe t\u00eb mbaj\u00eb gjall\u00eb frym\u00ebn e diskutimit publik gjat\u00eb muajve t\u00eb ver\u00ebs, kur zakonisht interesi p\u00ebr \u00e7\u00ebshtjet politike dhe shoq\u00ebrore zbehet. Kjo platform\u00eb sh\u00ebrben si nj\u00eb hap\u00ebsir\u00eb p\u00ebr analiza kritike dhe propozime konkrete mbi \u00e7\u00ebshtje socio-ekonomike dhe politike, duke nxitur nj\u00eb reflektim t\u00eb thelluar mbi sfidat dhe mund\u00ebsit\u00eb p\u00ebr zhvillim. P\u00ebrmes nj\u00eb cikli artikujsh t\u00eb shkruar nga an\u00ebtar\u00ebt e \u201cLaboratorit t\u00eb Ideve\u201d, iniciativa i jep r\u00ebnd\u00ebsi mendimit t\u00eb strukturuar dhe vizionit p\u00ebr ndryshim, duke inkurajuar p\u00ebrfshirjen e mendjeve t\u00eb angazhuara n\u00eb p\u00ebrballjen me padrejt\u00ebsit\u00eb politike e sociale. \u201cVera e Ideve 1\u201d \u00ebsht\u00eb nj\u00eb thirrje p\u00ebr t\u00eb forcuar rezistenc\u00ebn intelektuale dhe p\u00ebr t\u00eb mbajtur gjall\u00eb shpres\u00ebn p\u00ebr nj\u00eb t\u00eb ardhme m\u00eb t\u00eb drejt\u00eb dhe m\u00eb t\u00eb zhvilluar.<\/span><\/p>\t\t\t\t\t\t\t\t<\/div>\n\t\t\t\t<\/div>\n\t\t\t\t<div class=\"elementor-element elementor-element-a3b76cc elementor-align-center elementor-widget elementor-widget-button\" data-id=\"a3b76cc\" data-element_type=\"widget\" data-widget_type=\"button.default\">\n\t\t\t\t<div class=\"elementor-widget-container\">\n\t\t\t\t\t\t\t\t\t<div class=\"elementor-button-wrapper\">\n\t\t\t\t\t<a class=\"elementor-button elementor-button-link elementor-size-sm\" href=\"https:\/\/braingain.pd.al\/vera-e-ideve-sez\/\">\n\t\t\t\t\t\t<span class=\"elementor-button-content-wrapper\">\n\t\t\t\t\t\t\t\t\t<span class=\"elementor-button-text\">Lexo Me Shume<\/span>\n\t\t\t\t\t<\/span>\n\t\t\t\t\t<\/a>\n\t\t\t\t<\/div>\n\t\t\t\t\t\t\t\t<\/div>\n\t\t\t\t<\/div>\n\t\t\t\t<div class=\"elementor-element elementor-element-9834898 elementor-widget-divider--view-line elementor-widget elementor-widget-divider\" data-id=\"9834898\" data-element_type=\"widget\" data-widget_type=\"divider.default\">\n\t\t\t\t<div class=\"elementor-widget-container\">\n\t\t\t\t\t\t\t<div class=\"elementor-divider\">\n\t\t\t<span class=\"elementor-divider-separator\">\n\t\t\t\t\t\t<\/span>\n\t\t<\/div>\n\t\t\t\t\t\t<\/div>\n\t\t\t\t<\/div>\n\t\t\t\t\t<\/div>\n\t\t\t\t<\/div>\n\t\t<div class=\"elementor-element elementor-element-692fab6 e-flex e-con-boxed e-con e-parent\" data-id=\"692fab6\" data-element_type=\"container\">\n\t\t\t\t\t<div class=\"e-con-inner\">\n\t\t\t\t<div class=\"elementor-element elementor-element-aa512dc elementor-widget elementor-widget-heading\" data-id=\"aa512dc\" data-element_type=\"widget\" data-widget_type=\"heading.default\">\n\t\t\t\t<div class=\"elementor-widget-container\">\n\t\t\t\t\t<h2 class=\"elementor-heading-title elementor-size-default\"><b>-VERA E IDEVE 2<\/b><\/h2>\t\t\t\t<\/div>\n\t\t\t\t<\/div>\n\t\t\t\t\t<\/div>\n\t\t\t\t<\/div>\n\t\t<div class=\"elementor-element elementor-element-5d68dc9 e-flex e-con-boxed e-con e-parent\" data-id=\"5d68dc9\" data-element_type=\"container\">\n\t\t\t\t\t<div class=\"e-con-inner\">\n\t\t\t\t<div class=\"elementor-element elementor-element-66e0738 elementor-widget elementor-widget-text-editor\" data-id=\"66e0738\" data-element_type=\"widget\" data-widget_type=\"text-editor.default\">\n\t\t\t\t<div class=\"elementor-widget-container\">\n\t\t\t\t\t\t\t\t\t<p><span style=\"color: #000000;\">Departamenti Brain Gain p\u00ebrmes projektit \u201cLaboratori i Ideve\u201d risjell p\u00ebr t\u00eb dytin vit \u201cVer\u00ebn e Ideve\u201d, nj\u00eb nism\u00eb q\u00eb synon t\u00eb ushqej\u00eb dhe t\u00eb mbaj\u00eb n\u00eb jet\u00eb debatin mediatik p\u00ebrmes shp\u00ebrfaqjes s\u00eb ideve n\u00eb median e shkruar p\u00ebrgjat\u00eb ver\u00ebs, edhe at\u00ebher\u00eb kur m\u00eb s\u00eb shumti n\u00eb nj\u00eb vend q\u00eb l\u00ebngon nga padrejt\u00ebsia politike dhe sociale, idet\u00eb, debati dhe kontributi intelektual nuk mund t\u00eb pushoj\u00eb. K\u00ebt\u00eb her\u00eb, p\u00ebrmes nj\u00eb cikli prej dhjet\u00eb artikujsh, an\u00ebtar\u00ebt e angazhuar n\u00eb \u201cLaboratorin e Ideve\u201d ia kushtojn\u00eb \u201cVer\u00ebn e Ideve\u201d mendimit politik n\u00eb dy shtylla: Analiz\u00eb propozuese n\u00eb tema t\u00eb aktualitetit socio-ekonomik, dhe Prezantimi e shtjellimi i disa prej propozimeve kryesore t\u00eb Departamentit Brain Gain p\u00ebr hartimin e Programit elektoral 2025 t\u00eb Partis\u00eb Demokratike. Besimi n\u00eb forc\u00ebn p\u00ebr ndryshim, imponon detyr\u00ebn p\u00ebr t\u00eb mbajtur gjall\u00eb kritik\u00ebn dhe kund\u00ebrshtin\u00eb, p\u00ebr t\u00eb forcuar rezistenc\u00ebn intelektuale, p\u00ebr t\u00eb ushqyer vizion dhe shpres\u00eb p\u00ebr zhvillim edhe aty ku, edhe at\u00ebher\u00eb kur, debati ia ka l\u00ebn\u00eb vendin apatis\u00eb. \u201cVera e Ideve\u201d i p\u00ebrgjigjet k\u00ebsaj thirrjeje. Ju ftojm\u00eb t\u00eb na lexoni, ndiqni, mb\u00ebshtesni a kund\u00ebrshtoni p\u00ebrgjat\u00eb gjith\u00eb muajit gusht n\u00eb median e shkruar.<\/span><\/p>\t\t\t\t\t\t\t\t<\/div>\n\t\t\t\t<\/div>\n\t\t\t\t\t<\/div>\n\t\t\t\t<\/div>\n\t\t<div class=\"elementor-element elementor-element-ae32e93 e-flex e-con-boxed e-con e-parent\" data-id=\"ae32e93\" data-element_type=\"container\">\n\t\t\t\t\t<div class=\"e-con-inner\">\n\t\t\t\t<div class=\"elementor-element elementor-element-e39a78a elementor-widget elementor-widget-image\" data-id=\"e39a78a\" data-element_type=\"widget\" data-widget_type=\"image.default\">\n\t\t\t\t<div class=\"elementor-widget-container\">\n\t\t\t\t\t\t\t\t\t\t\t\t\t\t\t\t<a href=\"https:\/\/braingain.pd.al\/vera-e-ideve-sez-2\/\">\n\t\t\t\t\t\t\t<img decoding=\"async\" width=\"640\" height=\"360\" src=\"https:\/\/braingain.pd.al\/wp-content\/uploads\/2024\/11\/Vera-e-Ideve-1024x576.jpg\" class=\"attachment-large size-large wp-image-2168\" alt=\"\" srcset=\"https:\/\/braingain.pd.al\/wp-content\/uploads\/2024\/11\/Vera-e-Ideve-1024x576.jpg 1024w, https:\/\/braingain.pd.al\/wp-content\/uploads\/2024\/11\/Vera-e-Ideve-300x169.jpg 300w, https:\/\/braingain.pd.al\/wp-content\/uploads\/2024\/11\/Vera-e-Ideve-768x432.jpg 768w, https:\/\/braingain.pd.al\/wp-content\/uploads\/2024\/11\/Vera-e-Ideve-1536x864.jpg 1536w, https:\/\/braingain.pd.al\/wp-content\/uploads\/2024\/11\/Vera-e-Ideve-18x10.jpg 18w, https:\/\/braingain.pd.al\/wp-content\/uploads\/2024\/11\/Vera-e-Ideve-600x338.jpg 600w, https:\/\/braingain.pd.al\/wp-content\/uploads\/2024\/11\/Vera-e-Ideve.jpg 1600w\" sizes=\"(max-width: 640px) 100vw, 640px\" \/>\t\t\t\t\t\t\t\t<\/a>\n\t\t\t\t\t\t\t\t\t\t\t\t\t\t\t<\/div>\n\t\t\t\t<\/div>\n\t\t\t\t<div class=\"elementor-element elementor-element-31113d0 elementor-align-center elementor-widget elementor-widget-button\" data-id=\"31113d0\" data-element_type=\"widget\" data-widget_type=\"button.default\">\n\t\t\t\t<div class=\"elementor-widget-container\">\n\t\t\t\t\t\t\t\t\t<div class=\"elementor-button-wrapper\">\n\t\t\t\t\t<a class=\"elementor-button elementor-button-link elementor-size-sm\" href=\"https:\/\/braingain.pd.al\/vera-e-ideve-sez-2\/\">\n\t\t\t\t\t\t<span class=\"elementor-button-content-wrapper\">\n\t\t\t\t\t\t\t\t\t<span class=\"elementor-button-text\">Lexo Me Shume<\/span>\n\t\t\t\t\t<\/span>\n\t\t\t\t\t<\/a>\n\t\t\t\t<\/div>\n\t\t\t\t\t\t\t\t<\/div>\n\t\t\t\t<\/div>\n\t\t\t\t<div class=\"elementor-element elementor-element-78308cc elementor-widget-divider--view-line elementor-widget elementor-widget-divider\" data-id=\"78308cc\" data-element_type=\"widget\" data-widget_type=\"divider.default\">\n\t\t\t\t<div class=\"elementor-widget-container\">\n\t\t\t\t\t\t\t<div class=\"elementor-divider\">\n\t\t\t<span class=\"elementor-divider-separator\">\n\t\t\t\t\t\t<\/span>\n\t\t<\/div>\n\t\t\t\t\t\t<\/div>\n\t\t\t\t<\/div>\n\t\t\t\t\t<\/div>\n\t\t\t\t<\/div>\n\t\t<div class=\"elementor-element elementor-element-5c8638c e-flex e-con-boxed e-con e-parent\" data-id=\"5c8638c\" data-element_type=\"container\">\n\t\t\t\t\t<div class=\"e-con-inner\">\n\t\t<div class=\"elementor-element elementor-element-ad2b63f e-con-full e-flex e-con e-child\" data-id=\"ad2b63f\" data-element_type=\"container\">\n\t\t\t\t<div class=\"elementor-element elementor-element-ec3b4a3 elementor-widget elementor-widget-heading\" data-id=\"ec3b4a3\" data-element_type=\"widget\" data-widget_type=\"heading.default\">\n\t\t\t\t<div class=\"elementor-widget-container\">\n\t\t\t\t\t<h2 class=\"elementor-heading-title elementor-size-default\"><b>-Bilanci i Qyteteve<\/h2>\t\t\t\t<\/div>\n\t\t\t\t<\/div>\n\t\t\t\t<div class=\"elementor-element elementor-element-c003030 elementor-widget elementor-widget-text-editor\" data-id=\"c003030\" data-element_type=\"widget\" data-widget_type=\"text-editor.default\">\n\t\t\t\t<div class=\"elementor-widget-container\">\n\t\t\t\t\t\t\t\t\t<p><span style=\"color: #000000;\">&#8220;Bilanci i Qyteteve pas 11 viteve propagand\u00eb 2013 &#8211; 2024&#8221; \u00ebsht\u00eb nj\u00eb n\u00ebnprojekt i konceptuar n\u00eb funksion t\u00eb kontributit t\u00eb &#8220;Laboratorit t\u00eb Ideve&#8221; p\u00ebr decentralizimin e v\u00ebmendjes politike dhe rizgjimin e politik\u00ebs lokale, duke kthyer projektor\u00ebt e v\u00ebmendjes drejt qyteteve dhe problematikave t\u00eb tyre. &#8220;Bilanci i qyteteve&#8221; konsiston n\u00eb nj\u00eb pasqyrim analitik t\u00eb m\u00eb shum\u00eb se nj\u00eb dekade qeverisjeje t\u00eb majt\u00eb, parashtrimin e fakteve t\u00eb premtimeve t\u00eb pambajtura, projekteve t\u00eb pazbatuara, abuzimeve urbanistike, rr\u00ebnimit demografik, defi\u00e7iteve ekonomike, prapambetjes kulturore, neglizhenc\u00ebn ndaj trash\u00ebgimis\u00eb si dhe problematikat specifike n\u00eb sektor\u00ebt m\u00eb potencial\u00eb t\u00eb atij qyteti. Kontekstualizuar n\u00eb filozofin\u00eb e &#8220;Laboratorit t\u00eb Ideve&#8221;, bilanci i secilit qytetit p\u00ebrmbyllet me propozime mbi aspektet e ndryshme t\u00eb trajtuara si dhe alternativ\u00ebn me t\u00eb cil\u00ebn duhet t\u00eb vij\u00eb PD p\u00ebr t\u00eb rekuperuar realitetin e trisht\u00eb q\u00eb fle n\u00ebn\u00a0propagand\u00ebn.<\/span><\/p>\t\t\t\t\t\t\t\t<\/div>\n\t\t\t\t<\/div>\n\t\t\t\t<\/div>\n\t\t\t\t\t<\/div>\n\t\t\t\t<\/div>\n\t\t<div class=\"elementor-element elementor-element-b363bf8 e-flex e-con-boxed e-con e-parent\" data-id=\"b363bf8\" data-element_type=\"container\">\n\t\t\t\t\t<div class=\"e-con-inner\">\n\t\t\t\t<div class=\"elementor-element elementor-element-93c4b0f elementor-widget elementor-widget-image\" data-id=\"93c4b0f\" data-element_type=\"widget\" data-widget_type=\"image.default\">\n\t\t\t\t<div class=\"elementor-widget-container\">\n\t\t\t\t\t\t\t\t\t\t\t\t\t\t\t\t<a href=\"https:\/\/braingain.pd.al\/bilanci-i-qyteteve\/\">\n\t\t\t\t\t\t\t<img decoding=\"async\" width=\"640\" height=\"360\" src=\"https:\/\/braingain.pd.al\/wp-content\/uploads\/2024\/11\/IMG-20241117-WA0007-1024x576.jpg\" class=\"attachment-large size-large wp-image-2325\" alt=\"\" srcset=\"https:\/\/braingain.pd.al\/wp-content\/uploads\/2024\/11\/IMG-20241117-WA0007-1024x576.jpg 1024w, https:\/\/braingain.pd.al\/wp-content\/uploads\/2024\/11\/IMG-20241117-WA0007-300x169.jpg 300w, https:\/\/braingain.pd.al\/wp-content\/uploads\/2024\/11\/IMG-20241117-WA0007-768x432.jpg 768w, https:\/\/braingain.pd.al\/wp-content\/uploads\/2024\/11\/IMG-20241117-WA0007-1536x864.jpg 1536w, https:\/\/braingain.pd.al\/wp-content\/uploads\/2024\/11\/IMG-20241117-WA0007-18x10.jpg 18w, https:\/\/braingain.pd.al\/wp-content\/uploads\/2024\/11\/IMG-20241117-WA0007-600x338.jpg 600w, https:\/\/braingain.pd.al\/wp-content\/uploads\/2024\/11\/IMG-20241117-WA0007.jpg 1600w\" sizes=\"(max-width: 640px) 100vw, 640px\" \/>\t\t\t\t\t\t\t\t<\/a>\n\t\t\t\t\t\t\t\t\t\t\t\t\t\t\t<\/div>\n\t\t\t\t<\/div>\n\t\t\t\t\t<\/div>\n\t\t\t\t<\/div>\n\t\t<div class=\"elementor-element elementor-element-baa8823 e-flex e-con-boxed e-con e-parent\" data-id=\"baa8823\" data-element_type=\"container\">\n\t\t\t\t\t<div class=\"e-con-inner\">\n\t\t\t\t<div class=\"elementor-element elementor-element-01726fb elementor-align-center elementor-widget elementor-widget-button\" data-id=\"01726fb\" data-element_type=\"widget\" data-widget_type=\"button.default\">\n\t\t\t\t<div class=\"elementor-widget-container\">\n\t\t\t\t\t\t\t\t\t<div class=\"elementor-button-wrapper\">\n\t\t\t\t\t<a class=\"elementor-button elementor-button-link elementor-size-sm\" href=\"https:\/\/braingain.pd.al\/bilanci-i-qyteteve\/\">\n\t\t\t\t\t\t<span class=\"elementor-button-content-wrapper\">\n\t\t\t\t\t\t\t\t\t<span class=\"elementor-button-text\">Lexo Me Shume<\/span>\n\t\t\t\t\t<\/span>\n\t\t\t\t\t<\/a>\n\t\t\t\t<\/div>\n\t\t\t\t\t\t\t\t<\/div>\n\t\t\t\t<\/div>\n\t\t\t\t<div class=\"elementor-element elementor-element-4478020 elementor-widget-divider--view-line elementor-widget elementor-widget-divider\" data-id=\"4478020\" data-element_type=\"widget\" data-widget_type=\"divider.default\">\n\t\t\t\t<div class=\"elementor-widget-container\">\n\t\t\t\t\t\t\t<div class=\"elementor-divider\">\n\t\t\t<span class=\"elementor-divider-separator\">\n\t\t\t\t\t\t<\/span>\n\t\t<\/div>\n\t\t\t\t\t\t<\/div>\n\t\t\t\t<\/div>\n\t\t\t\t\t<\/div>\n\t\t\t\t<\/div>\n\t\t<div class=\"elementor-element elementor-element-6b4c6ed e-flex e-con-boxed e-con e-parent\" data-id=\"6b4c6ed\" data-element_type=\"container\">\n\t\t\t\t\t<div class=\"e-con-inner\">\n\t\t\t\t<div class=\"elementor-element elementor-element-7d6bb74 elementor-widget elementor-widget-heading\" data-id=\"7d6bb74\" data-element_type=\"widget\" data-widget_type=\"heading.default\">\n\t\t\t\t<div class=\"elementor-widget-container\">\n\t\t\t\t\t<h2 class=\"elementor-heading-title elementor-size-default\"><b>ARTIKUJ TE TJERE PRODHUAR NGA PROGRAMI<\/h2>\t\t\t\t<\/div>\n\t\t\t\t<\/div>\n\t\t\t\t\t<\/div>\n\t\t\t\t<\/div>\n\t\t<div class=\"elementor-element elementor-element-388c9bd e-flex e-con-boxed e-con e-parent\" data-id=\"388c9bd\" data-element_type=\"container\">\n\t\t\t\t\t<div class=\"e-con-inner\">\n\t\t\t\t<div class=\"elementor-element elementor-element-0b742a5 elementor-widget elementor-widget-blog-post\" data-id=\"0b742a5\" data-element_type=\"widget\" data-widget_type=\"blog-post.default\">\n\t\t\t\t<div class=\"elementor-widget-container\">\n\t\t\t\t\t            <section class=\"latest-blogs-section\">\r\n                <div class=\"container\">\r\n                    <div class=\"blog-inner-con\">\r\n                        <div class=\"blog-boxes\">\r\n                                                    <div class=\"blog-single-box\">\r\n                                <a href=\"https:\/\/braingain.pd.al\/en\/?post_type=post&p=2312\">\r\n                                    <div class=\"blog-img-con\" data-aos=\"fade-up\" data-aos-duration=\"700\">\r\n                                        <figure class=\"mb-0\">\r\n                                            <img decoding=\"async\" src=\"https:\/\/braingain.pd.al\/wp-content\/uploads\/2024\/11\/Ft-Image-Syte-nga-Amerika.png\" alt=\"\" class=\"img-fluid\">\r\n                                        <\/figure>\r\n                                        <span class=\"d-inline-block\">Rrugica e Shpres\u00ebs<\/span>                                    <\/div>\r\n                                    <div class=\"blog-txt-box\" data-aos=\"fade-up\" data-aos-duration=\"700\">\r\n                                        <span class=\"d-block\">Nov 12, 2024<\/span>\r\n                                        <h5><a href=\"https:\/\/braingain.pd.al\/en\/?post_type=post&p=2312\">&#8216;Syt\u00eb nga Amerika, motoja e drejtimit t\u00eb ri&#8217; &#8211; Rrotacioni politik, i domosdosh\u00ebm p\u00ebr Shqip\u00ebrin\u00eb<\/a><\/h5>\r\n                                    <\/div>\r\n                                <\/a>\r\n                            <\/div>\r\n                                                    <div class=\"blog-single-box\">\r\n                                <a href=\"https:\/\/braingain.pd.al\/en\/?post_type=post&p=2589\">\r\n                                    <div class=\"blog-img-con\" data-aos=\"fade-up\" data-aos-duration=\"700\">\r\n                                        <figure class=\"mb-0\">\r\n                                            <img decoding=\"async\" src=\"https:\/\/braingain.pd.al\/wp-content\/uploads\/2024\/11\/Vera-e-Ideve-2.jpg\" alt=\"\" class=\"img-fluid\">\r\n                                        <\/figure>\r\n                                        <span class=\"d-inline-block\">Ekonomi<\/span>                                    <\/div>\r\n                                    <div class=\"blog-txt-box\" data-aos=\"fade-up\" data-aos-duration=\"700\">\r\n                                        <span class=\"d-block\">Aug 09, 2024<\/span>\r\n                                        <h5><a href=\"https:\/\/braingain.pd.al\/en\/?post_type=post&p=2589\">\u2018Bjeri gajdes Fajdexhi\u2019: Mikrokredit\u00eb n\u00eb vende si Shqip\u00ebria, nj\u00eb fatalitet ekonomik<\/a><\/h5>\r\n                                    <\/div>\r\n                                <\/a>\r\n                            <\/div>\r\n                                                    <div class=\"blog-single-box\">\r\n                                <a href=\"https:\/\/braingain.pd.al\/en\/?post_type=post&p=4052\">\r\n                                    <div class=\"blog-img-con\" data-aos=\"fade-up\" data-aos-duration=\"700\">\r\n                                        <figure class=\"mb-0\">\r\n                                            <img decoding=\"async\" src=\"https:\/\/braingain.pd.al\/wp-content\/uploads\/2025\/03\/Franci-BG.png\" alt=\"\" class=\"img-fluid\">\r\n                                        <\/figure>\r\n                                        <span class=\"d-inline-block\">Sisteme Gjyqesore\/Kushtetute dhe Ligje<\/span>                                    <\/div>\r\n                                    <div class=\"blog-txt-box\" data-aos=\"fade-up\" data-aos-duration=\"700\">\r\n                                        <span class=\"d-block\">Feb 21, 2025<\/span>\r\n                                        <h5><a href=\"https:\/\/braingain.pd.al\/en\/?post_type=post&p=4052\">\u2018Edi Rama nuk eshte ligji\u2019<\/a><\/h5>\r\n                                    <\/div>\r\n                                <\/a>\r\n                            <\/div>\r\n                                                    <div class=\"blog-single-box\">\r\n                                <a href=\"https:\/\/braingain.pd.al\/en\/?post_type=post&p=2540\">\r\n                                    <div class=\"blog-img-con\" data-aos=\"fade-up\" data-aos-duration=\"700\">\r\n                                        <figure class=\"mb-0\">\r\n                                            <img decoding=\"async\" src=\"https:\/\/braingain.pd.al\/wp-content\/uploads\/2024\/11\/Andi-Mustafaj.jpg\" alt=\"\" class=\"img-fluid\">\r\n                                        <\/figure>\r\n                                        <span class=\"d-inline-block\">Politik\u00eb dhe Zgjedhje<\/span>                                    <\/div>\r\n                                    <div class=\"blog-txt-box\" data-aos=\"fade-up\" data-aos-duration=\"700\">\r\n                                        <span class=\"d-block\">Nov 20, 2022<\/span>\r\n                                        <h5><a href=\"https:\/\/braingain.pd.al\/en\/?post_type=post&p=2540\">\u2018Shpopullimi tragjedi historike\u2019 : Tre shtyllat e Departamentit Brain Gain n\u00eb PD<\/a><\/h5>\r\n                                    <\/div>\r\n                                <\/a>\r\n                            <\/div>\r\n                                                    <div class=\"blog-single-box\">\r\n                                <a href=\"https:\/\/braingain.pd.al\/en\/?post_type=post&p=3951\">\r\n                                    <div class=\"blog-img-con\" data-aos=\"fade-up\" data-aos-duration=\"700\">\r\n                                        <figure class=\"mb-0\">\r\n                                            <img decoding=\"async\" src=\"https:\/\/braingain.pd.al\/wp-content\/uploads\/2025\/01\/auto_fafc9da3-599c-482b-848e-e6cf5f5fbbae1736501195.jpg\" alt=\"\" class=\"img-fluid\">\r\n                                        <\/figure>\r\n                                        <span class=\"d-inline-block\">Politik\u00eb dhe Zgjedhje<\/span>                                    <\/div>\r\n                                    <div class=\"blog-txt-box\" data-aos=\"fade-up\" data-aos-duration=\"700\">\r\n                                        <span class=\"d-block\">Jan 10, 2025<\/span>\r\n                                        <h5><a href=\"https:\/\/braingain.pd.al\/en\/?post_type=post&p=3951\">\u2018Shteti Elektoral q\u00eb k\u00ebrc\u00ebnon Demokracin\u00eb\u2019<\/a><\/h5>\r\n                                    <\/div>\r\n                                <\/a>\r\n                            <\/div>\r\n                                                    <div class=\"blog-single-box\">\r\n                                <a href=\"https:\/\/braingain.pd.al\/en\/?post_type=post&p=2305\">\r\n                                    <div class=\"blog-img-con\" data-aos=\"fade-up\" data-aos-duration=\"700\">\r\n                                        <figure class=\"mb-0\">\r\n                                            <img decoding=\"async\" src=\"https:\/\/braingain.pd.al\/wp-content\/uploads\/2024\/11\/Renia-e-pushtetit-te-katert-Si-ndikon-dobesimi-i-medias-ne-demokracine-shqiptare-Neada-Stana.jpg\" alt=\"\" class=\"img-fluid\">\r\n                                        <\/figure>\r\n                                        <span class=\"d-inline-block\">Politik\u00eb dhe Zgjedhje<\/span>                                    <\/div>\r\n                                    <div class=\"blog-txt-box\" data-aos=\"fade-up\" data-aos-duration=\"700\">\r\n                                        <span class=\"d-block\">Nov 13, 2024<\/span>\r\n                                        <h5><a href=\"https:\/\/braingain.pd.al\/en\/?post_type=post&p=2305\">&#8220;Shqip\u00ebria dhe Dilema e Demokracis\u00eb: Nj\u00eb Betej\u00eb mes Opozit\u00ebs dhe Autokrat\u00ebve&#8221;<\/a><\/h5>\r\n                                    <\/div>\r\n                                <\/a>\r\n                            <\/div>\r\n                                                    <div class=\"blog-single-box\">\r\n                                <a href=\"https:\/\/braingain.pd.al\/en\/?post_type=post&p=3984\">\r\n                                    <div class=\"blog-img-con\" data-aos=\"fade-up\" data-aos-duration=\"700\">\r\n                                        <figure class=\"mb-0\">\r\n                                            <img decoding=\"async\" src=\"https:\/\/braingain.pd.al\/wp-content\/uploads\/2025\/02\/auto_5f7cab98-e4ed-4d3b-9ec2-f4d876deb49c1738740566.jpg\" alt=\"\" class=\"img-fluid\">\r\n                                        <\/figure>\r\n                                        <span class=\"d-inline-block\">Politik\u00eb dhe Zgjedhje<\/span>                                    <\/div>\r\n                                    <div class=\"blog-txt-box\" data-aos=\"fade-up\" data-aos-duration=\"700\">\r\n                                        <span class=\"d-block\">Feb 05, 2025<\/span>\r\n                                        <h5><a href=\"https:\/\/braingain.pd.al\/en\/?post_type=post&p=3984\">11 maji, dita kur shqiptar\u00ebt do t&#8217;i thon\u00eb &#8216;stop&#8217; g\u00ebnjeshtrave, sharjeve dhe p\u00ebrbuzj\u00ebs s\u00eb ram\u00ebs<\/a><\/h5>\r\n                                    <\/div>\r\n                                <\/a>\r\n                            <\/div>\r\n                                                    <div class=\"blog-single-box\">\r\n                                <a href=\"https:\/\/braingain.pd.al\/en\/?post_type=post&p=3946\">\r\n                                    <div class=\"blog-img-con\" data-aos=\"fade-up\" data-aos-duration=\"700\">\r\n                                        <figure class=\"mb-0\">\r\n                                            <img decoding=\"async\" src=\"https:\/\/braingain.pd.al\/wp-content\/uploads\/2024\/11\/Andi-Neada-Stana.jpg\" alt=\"\" class=\"img-fluid\">\r\n                                        <\/figure>\r\n                                        <span class=\"d-inline-block\">Politik\u00eb dhe Zgjedhje<\/span>                                    <\/div>\r\n                                    <div class=\"blog-txt-box\" data-aos=\"fade-up\" data-aos-duration=\"700\">\r\n                                        <span class=\"d-block\">Dec 30, 2024<\/span>\r\n                                        <h5><a href=\"https:\/\/braingain.pd.al\/en\/?post_type=post&p=3946\">2 vite Brain Gain, nj\u00eb rrug\u00ebtim plot krenari<\/a><\/h5>\r\n                                    <\/div>\r\n                                <\/a>\r\n                            <\/div>\r\n                                                    <div class=\"blog-single-box\">\r\n                                <a href=\"https:\/\/braingain.pd.al\/en\/?post_type=post&p=2556\">\r\n                                    <div class=\"blog-img-con\" data-aos=\"fade-up\" data-aos-duration=\"700\">\r\n                                        <figure class=\"mb-0\">\r\n                                            <img decoding=\"async\" src=\"https:\/\/braingain.pd.al\/wp-content\/uploads\/2024\/11\/Gerti-Toku-Neada-Stana.jpg\" alt=\"\" class=\"img-fluid\">\r\n                                        <\/figure>\r\n                                        <span class=\"d-inline-block\">Ekonomi<\/span>                                    <\/div>\r\n                                    <div class=\"blog-txt-box\" data-aos=\"fade-up\" data-aos-duration=\"700\">\r\n                                        <span class=\"d-block\">Mar 06, 2023<\/span>\r\n                                        <h5><a href=\"https:\/\/braingain.pd.al\/en\/?post_type=post&p=2556\">7 akse p\u00ebr t\u00eb p\u00ebrmir\u00ebsuar ekonomin\u00eb shqiptare<\/a><\/h5>\r\n                                    <\/div>\r\n                                <\/a>\r\n                            <\/div>\r\n                                                <\/div>\r\n                    <\/div>\r\n                <\/div>\r\n            <\/section>\r\n\t\t\t\t\t\t\t<\/div>\n\t\t\t\t<\/div>\n\t\t\t\t\t<\/div>\n\t\t\t\t<\/div>\n\t\t<div class=\"elementor-element elementor-element-c78c54e e-flex e-con-boxed e-con e-parent\" data-id=\"c78c54e\" data-element_type=\"container\">\n\t\t\t\t\t<div class=\"e-con-inner\">\n\t\t\t\t<div class=\"elementor-element elementor-element-241c60a elementor-widget-divider--view-line elementor-widget elementor-widget-divider\" data-id=\"241c60a\" data-element_type=\"widget\" data-widget_type=\"divider.default\">\n\t\t\t\t<div class=\"elementor-widget-container\">\n\t\t\t\t\t\t\t<div class=\"elementor-divider\">\n\t\t\t<span class=\"elementor-divider-separator\">\n\t\t\t\t\t\t<\/span>\n\t\t<\/div>\n\t\t\t\t\t\t<\/div>\n\t\t\t\t<\/div>\n\t\t\t\t\t<\/div>\n\t\t\t\t<\/div>\n\t\t\t\t<\/div>","protected":false},"featured_media":0,"template":"","meta":[],"class_list":["post-350","case_study","type-case_study","status-publish","hentry"],"_links":{"self":[{"href":"https:\/\/braingain.pd.al\/en\/wp-json\/wp\/v2\/case_study\/350","targetHints":{"allow":["GET"]}}],"collection":[{"href":"https:\/\/braingain.pd.al\/en\/wp-json\/wp\/v2\/case_study"}],"about":[{"href":"https:\/\/braingain.pd.al\/en\/wp-json\/wp\/v2\/types\/case_study"}],"version-history":[{"count":0,"href":"https:\/\/braingain.pd.al\/en\/wp-json\/wp\/v2\/case_study\/350\/revisions"}],"wp:attachment":[{"href":"https:\/\/braingain.pd.al\/en\/wp-json\/wp\/v2\/media?parent=350"}],"curies":[{"name":"wp","href":"https:\/\/api.w.org\/{rel}","templated":true}]}}